{"id":46,"date":"2014-06-19T10:29:13","date_gmt":"2014-06-19T10:29:13","guid":{"rendered":"http:\/\/accesspressthemes.com\/accesspresslite-pro\/?p=46"},"modified":"2025-09-17T19:37:45","modified_gmt":"2025-09-17T19:37:45","slug":"investorspartners","status":"publish","type":"page","link":"https:\/\/www.molinsderei.site\/cursasantmiquel\/investorspartners\/","title":{"rendered":"Cursa Infantil, per al futurs atletes"},"content":{"rendered":"<h4 class=\"wp-block-heading\">Inscripcions tancades per la web:<\/h4>\n<h4>Podeu c\u00f3rrer les curses d\u20191,5 km i 3,5 km, amb el dorsal\u00a0<strong>lila i blau<\/strong>, per\u00f2 sense xip i sense opci\u00f3 a classificaci\u00f3. Es podran fer inscripcions presencials al pati de l\u2019Escola el Palau (el dies de recollida de dorsals).<\/h4>\n<ul>\n<li>\n<h4><strong>No es faran inscripcions el mateix dia de la cursa<\/strong><\/h4>\n<\/li>\n<\/ul>\n<p><span style=\"color: #0f376f; font-size: 16px;\">La nostra cursa infantil es ideal perqu\u00e8 el m\u00e9s petits de 6 anys s&#8217;inici\u00efn al mon de les curses, amb inscripci\u00f3 gratu\u00efta, una bona dist\u00e0ncia pel centre vila i totalment controlada pels nostres voluntaris, enguany les inscripcions es faran mitjan\u00e7ant la p\u00e0gina web de l&#8217;empresa Lasttiming.es.\u00a0<\/span><\/p>\n<p><span style=\"color: #0f376f; font-size: 16px;\"><strong>Cursa 1,5 km<\/strong>, per a nens i nenes de 6 a 11 anys (nascuts entre els anys 2014 i 2019).<\/span><\/p>\n<ul>\n<li><span style=\"color: #0f376f; font-size: 16px;\">Sortida a les 11.15 h, del Passeig del Terrapl\u00e8, davant de la pla\u00e7a de la Llibertat.<\/span><\/li>\n<li><span style=\"color: #0f376f; font-size: 16px;\">Per poder participar a la cursa i optar a classificar-se, \u00e9s obligatori c\u00f3rrer amb el dorsal de l&#8217;organitzaci\u00f3.<\/span><\/li>\n<li><span style=\"color: #0f376f; font-size: 16px;\">Lliurament de dorsal amb xip (dorsal verd), pel recorregut de 1,5 km: divendres 19, de 17.00 a 20.00 h i dissabte 20, de 10.00 a 13.00 h, al pati de l\u2019escola El Palau, carrer Rafael de Casanova, 49, 08750 Molins de Rei, (entrada pel pati). <strong>NO \u00c9S PODR\u00c0 PARTICIPAR SENSE DORSAL. <\/strong><\/span><\/li>\n<li><span style=\"color: #0f376f; font-size: 16px;\">Inscripcions fins dimarts 16 de setembre a les 15 h, amb opci\u00f3 de classificaci\u00f3 i xip, les inscripcions estan limitades a 400 inscrits. Es podran fer inscripcions un cop tancat el per\u00edode d\u2019inscripci\u00f3, al pati de l&#8217;escola El Palau, els dies de recollida de dorsals, <strong>per\u00f2 no optaran a classificaci\u00f3 ni a premi.<\/strong><\/span><\/li>\n<li><span style=\"color: #0f376f; font-size: 16px;\"><strong>No es faran inscripcions el mateix dia de la cursa.<\/strong><\/span><\/li>\n<li><span style=\"color: #0f376f; font-size: 16px;\">Tots els participants gaudiran d&#8217;un obsequi.<\/span><\/li>\n<\/ul>\n<p><span style=\"color: #0f376f; font-size: 16px;\"><strong>Classificaci\u00f3 i premis:<\/strong><\/span><\/p>\n<p><span style=\"color: #0f376f; font-size: 16px;\">La Cursa Popular de Sant Miquel atorgar\u00e0 trofeus als tres primers guanyadors absoluts, mascul\u00ed i femen\u00ed, i als tres primers classificats, tant mascul\u00ed com femen\u00ed, de cada categoria. Els premis no seran acumulatius. <\/span><\/p>\n<p><span style=\"color: #0f376f; font-size: 16px;\">Entrega de premis les 11.30 h, a la pla\u00e7a de la Llibertat.<\/span><\/p>\n<table style=\"height: 239px;\" width=\"825\">\n<tbody>\n<tr>\n<td width=\"425\">\n<p><span style=\"color: #0f376f; font-size: 16px;\"><strong>1,5 km i la iniciem amb els de 1r de prim\u00e0ria<\/strong><\/span><\/p>\n<\/td>\n<td width=\"161\">\u00a0<\/td>\n<\/tr>\n<tr>\n<td width=\"425\">\n<p><span style=\"color: #0f376f; font-size: 16px;\">De 6 i 7 anys (nascuts el 2019 i el 2018)<\/span><\/p>\n<\/td>\n<td width=\"161\">\n<p><span style=\"color: #0f376f; font-size: 16px;\">Prebenjam\u00ed \u00a0M i F<\/span><\/p>\n<\/td>\n<\/tr>\n<tr>\n<td width=\"425\">\n<p><span style=\"color: #0f376f; font-size: 16px;\">De 8 a 9 anys (nascuts entre el 2017 i el 2016)<\/span><\/p>\n<\/td>\n<td width=\"161\">\n<p><span style=\"color: #0f376f; font-size: 16px;\">Benjam\u00ed\u00a0M i F<\/span><\/p>\n<\/td>\n<\/tr>\n<tr>\n<td width=\"425\">\n<p><span style=\"color: #0f376f; font-size: 16px;\">De 10 a 11 anys (nascuts entre el 2015 i el 2014)<\/span><\/p>\n<\/td>\n<td width=\"161\">\n<p><span style=\"color: #0f376f; font-size: 16px;\">Alev\u00ed M i F<\/span><\/p>\n<\/td>\n<\/tr>\n<\/tbody>\n<\/table>\n<p><span style=\"color: #0f376f; font-size: 16px;\"><strong>Recorregut:<\/strong><\/span><\/p>\n<p>&nbsp;<\/p>\n\n\n<\/span><\/p>\r\n<p><img loading=\"lazy\" decoding=\"async\" class=\"alignnone size-full wp-image-4863\" src=\"https:\/\/www.molinsderei.site\/cursasantmiquel\/wp-content\/uploads\/CURSA-1500_page-0001.jpg\" alt=\"\" width=\"2482\" height=\"1755\" srcset=\"https:\/\/www.molinsderei.site\/cursasantmiquel\/wp-content\/uploads\/CURSA-1500_page-0001.jpg 2482w, https:\/\/www.molinsderei.site\/cursasantmiquel\/wp-content\/uploads\/CURSA-1500_page-0001-300x212.jpg 300w, https:\/\/www.molinsderei.site\/cursasantmiquel\/wp-content\/uploads\/CURSA-1500_page-0001-1024x724.jpg 1024w, https:\/\/www.molinsderei.site\/cursasantmiquel\/wp-content\/uploads\/CURSA-1500_page-0001-768x543.jpg 768w, https:\/\/www.molinsderei.site\/cursasantmiquel\/wp-content\/uploads\/CURSA-1500_page-0001-1536x1086.jpg 1536w, https:\/\/www.molinsderei.site\/cursasantmiquel\/wp-content\/uploads\/CURSA-1500_page-0001-2048x1448.jpg 2048w\" sizes=\"auto, (max-width: 2482px) 100vw, 2482px\" \/><\/p>\r\n<h3>Descarrega&#8217;t el pl\u00e0nol <a href=\"https:\/\/www.molinsderei.site\/cursasantmiquel\/wp-content\/uploads\/CURSA-1500.pdf\">CURSA 1500<\/a><\/h3>\n","protected":false},"excerpt":{"rendered":"<p>Inscripcions tancades per la web: Podeu c\u00f3rrer les curses d\u20191,5 km i 3,5 km, amb el dorsal\u00a0lila i blau, per\u00f2 sense xip i sense opci\u00f3 a classificaci\u00f3. Es podran fer inscripcions presencials al pati de l\u2019Escola el Palau (el dies de recollida de dorsals). No es faran inscripcions el mateix dia de la cursa La [&hellip;]<\/p>\n","protected":false},"author":1,"featured_media":3385,"parent":0,"menu_order":0,"comment_status":"open","ping_status":"closed","template":"","meta":{"footnotes":""},"class_list":["post-46","page","type-page","status-publish","has-post-thumbnail","hentry"],"_links":{"self":[{"href":"https:\/\/www.molinsderei.site\/cursasantmiquel\/wp-json\/wp\/v2\/pages\/46","targetHints":{"allow":["GET"]}}],"collection":[{"href":"https:\/\/www.molinsderei.site\/cursasantmiquel\/wp-json\/wp\/v2\/pages"}],"about":[{"href":"https:\/\/www.molinsderei.site\/cursasantmiquel\/wp-json\/wp\/v2\/types\/page"}],"author":[{"embeddable":true,"href":"https:\/\/www.molinsderei.site\/cursasantmiquel\/wp-json\/wp\/v2\/users\/1"}],"replies":[{"embeddable":true,"href":"https:\/\/www.molinsderei.site\/cursasantmiquel\/wp-json\/wp\/v2\/comments?post=46"}],"version-history":[{"count":9,"href":"https:\/\/www.molinsderei.site\/cursasantmiquel\/wp-json\/wp\/v2\/pages\/46\/revisions"}],"predecessor-version":[{"id":5072,"href":"https:\/\/www.molinsderei.site\/cursasantmiquel\/wp-json\/wp\/v2\/pages\/46\/revisions\/5072"}],"wp:featuredmedia":[{"embeddable":true,"href":"https:\/\/www.molinsderei.site\/cursasantmiquel\/wp-json\/wp\/v2\/media\/3385"}],"wp:attachment":[{"href":"https:\/\/www.molinsderei.site\/cursasantmiquel\/wp-json\/wp\/v2\/media?parent=46"}],"curies":[{"name":"wp","href":"https:\/\/api.w.org\/{rel}","templated":true}]}}