{"id":1975,"date":"2023-01-23T11:26:16","date_gmt":"2023-01-23T11:26:16","guid":{"rendered":"https:\/\/www.molinsderei.site\/espaindustria\/?page_id=1975"},"modified":"2024-08-02T08:09:38","modified_gmt":"2024-08-02T08:09:38","slug":"transicio-tecnologica","status":"publish","type":"page","link":"https:\/\/www.molinsderei.site\/espaindustria\/transicio-tecnologica\/","title":{"rendered":"Confer\u00e8ncia la transici\u00f3 tecnol\u00f2gica"},"content":{"rendered":"\r\n<h2>La transici\u00f3 tecnol\u00f2gica de les empreses cap a la sostenibilitat<\/h2>\r\n<h2>Confer\u00e8ncia empresarial<br \/>Molins de Rei, 2 de febrer de 2023<\/h2>\r\n<p><a role=\"button\" href=\"https:\/\/www.molinsderei.site\/espaindustria\/materials-conferencia-la-transicio-tecnologica\/\" target=\"_self\" rel=\"noopener\"> Materials de l&#8217;acte <\/a><\/p>\r\n<p>La integraci\u00f3 entre l&#8217;economia circular i la Industria 4.0 ja \u00e9s una realitat. Les tecnologies de la Industria 4.0 s\u00f3n claus en aspectes com l&#8217;efici\u00e8ncia dels processos, l&#8217;estalvi energ\u00e8tic, la reducci\u00f3 de residus i, en definitiva, la minimitzaci\u00f3 dels impactes mediambientals. Coneixerem com un \u00fas adequat de les tecnologies de la informaci\u00f3 en el processos productius contribueix a generar industries netes que donen pas a cicles de vida de productes pensats per a reutilitzar-se i reciclar-se.<\/p>\r\n<h3>Qu\u00e8 \u00e9s ?<\/h3>\r\n<p>Taula rodona a c\u00e0rrec de Carles Miranda, manager d&#8217;industria 4.0 i economia circular d&#8217;ACCI\u00d3; Ignasi G\u00f3mez, cluster manager d&#8217;In-move by Railgrup i Josep Mart\u00edn, director de R+D a MMM Energy S.L. (MMM Group)<\/p>\r\n<h3>Quan es fa?<\/h3>\r\n<p>dijous 2 de febrer<br \/>de 9.30 a 11h. Cal inscriure&#8217;s per assistir-hi.<\/p>\r\n<h3>On es fa?<\/h3>\r\n<p>Hotel Ibis Molins de Rei i online, via Youtube<\/p>\r\n<h3>Adre\u00e7at a&#8230;<\/h3>\r\n<p>Empreses, emprenedors i comer\u00e7os<\/p>\r\n<h2>Participants en la jornada<\/h2>\r\n<p><img decoding=\"async\" title=\"Logo-Accio-1\" src=\"http:\/\/www.molinsderei.site\/espaindustria\/wp-content\/uploads\/2023\/01\/Logo-Accio-1.png\" alt=\"Logo-Accio-1\" \/><\/p>\r\n<h3><strong>Carles Miranda<\/strong><\/h3>\r\n<h3>M\u00e0nager d&#8217;Ind\u00fastria 4.0 i Economia Circular d&#8217;<strong>ACCI\u00d3<\/strong><\/h3>\r\n<p><img decoding=\"async\" title=\"logo_IN-MOVE_claim\" src=\"http:\/\/www.molinsderei.site\/espaindustria\/wp-content\/uploads\/2023\/01\/logo_IN-MOVE_claim-e1674721058682.png\" alt=\"logo_IN-MOVE_claim\" \/><\/p>\r\n<h3>\u00a0<img decoding=\"async\" src=\"http:\/\/www.molinsderei.site\/espaindustria\/wp-content\/uploads\/2023\/01\/1517735479894-300x300.jpg\" alt=\"\" width=\"157\" height=\"157\" \/><\/h3>\r\n<h3><strong>Ignasi G\u00f3mez<\/strong><\/h3>\r\n<h3>Cluster manager d&#8217;In-move by <strong>Railgrup<\/strong><\/h3>\r\n<p><img decoding=\"async\" title=\"mmm\" src=\"http:\/\/www.molinsderei.site\/espaindustria\/wp-content\/uploads\/2023\/01\/mmm-e1674477612370.jpg\" alt=\"mmm\" \/><\/p>\r\n<p>&nbsp;<\/p>\r\n<h3><strong>Josep Mart\u00edn<\/strong><\/h3>\r\n<h3>Director de R+D a <strong>MMM Energy S.L (MMM Group)<\/strong><\/h3>\r\n<h2>Programa<\/h2>\r\n<p><strong>9.30 h<\/strong><br \/>Benvinguda <strong>9.35 h<\/strong><br \/><strong>Taula rodona amb<\/strong><\/p>\r\n<p>La transici\u00f3 tecnol\u00f2gica de les empreses cap a la sostenibilitat<\/p>\r\n<p>Mobilitat Sostenible. Oportunitats per a la innovaci\u00f3 i la competitivitat<\/p>\r\n<p>Oportunitats de descarbonitzaci\u00f3: produir energia sostenible all\u00e0 on es necessita.<\/p>\r\n<p>Torn obert de preguntes<\/p>\r\n<h3>Organitzaci\u00f3 i col\u00b7laboradors<\/h3>\r\n<p><img decoding=\"async\" title=\"Sin-titulo-2 (1)\" src=\"http:\/\/www.molinsderei.site\/espaindustria\/wp-content\/uploads\/2023\/01\/Sin-titulo-2-1-2.png\" alt=\"Sin-titulo-2 (1)\" \/> <img decoding=\"async\" title=\"Captura\" src=\"http:\/\/www.molinsderei.site\/espaindustria\/wp-content\/uploads\/2023\/01\/Captura-1.png\" alt=\"Captura\" \/> <img decoding=\"async\" src=\"https:\/\/www.molinsderei.site\/espaindustria\/wp-content\/plugins\/bb-plugin\/img\/pixel.png\" alt=\"\" \/> <img decoding=\"async\" title=\"Logotip color esquerra negatiu alta\" src=\"http:\/\/www.molinsderei.site\/espaindustria\/wp-content\/uploads\/2018\/06\/Logotip-color-esquerra-negatiu-alta-300x99.png\" alt=\"Logotip color esquerra negatiu alta\" \/><\/p>\r\n<h4><a href=\"http:\/\/espaiempresa.cat\">www.espaiempresa.cat<\/a><\/h4>\r\n<p>&nbsp;<\/p>\r\n<h3>Contactar<\/h3>\r\n<p>Ajuntament de Molins de Rei<br \/>\u00c0rea de Desenvolupament Estrat\u00e8gic de la Vila<br \/><strong>Oficina d&#8217;Atenci\u00f3 a l&#8217;Empresa<\/strong><br \/>Pl. del Mercat, 5-6<br \/>08750 Molins de Rei<br \/>T. 93 680 02 97<br \/>empresa@molinsderei.cat<\/p>\r\n","protected":false},"excerpt":{"rendered":"<p>La transici\u00f3 tecnol\u00f2gica de les empreses cap a la sostenibilitat Confer\u00e8ncia empresarialMolins de Rei, 2 de febrer de 2023 Materials de l&#8217;acte La integraci\u00f3 entre l&#8217;economia circular i la Industria&hellip;<\/p>\n","protected":false},"author":2,"featured_media":0,"parent":0,"menu_order":0,"comment_status":"closed","ping_status":"closed","template":"","meta":{"footnotes":""},"class_list":["post-1975","page","type-page","status-publish","hentry"],"_links":{"self":[{"href":"https:\/\/www.molinsderei.site\/espaindustria\/wp-json\/wp\/v2\/pages\/1975","targetHints":{"allow":["GET"]}}],"collection":[{"href":"https:\/\/www.molinsderei.site\/espaindustria\/wp-json\/wp\/v2\/pages"}],"about":[{"href":"https:\/\/www.molinsderei.site\/espaindustria\/wp-json\/wp\/v2\/types\/page"}],"author":[{"embeddable":true,"href":"https:\/\/www.molinsderei.site\/espaindustria\/wp-json\/wp\/v2\/users\/2"}],"replies":[{"embeddable":true,"href":"https:\/\/www.molinsderei.site\/espaindustria\/wp-json\/wp\/v2\/comments?post=1975"}],"version-history":[{"count":0,"href":"https:\/\/www.molinsderei.site\/espaindustria\/wp-json\/wp\/v2\/pages\/1975\/revisions"}],"wp:attachment":[{"href":"https:\/\/www.molinsderei.site\/espaindustria\/wp-json\/wp\/v2\/media?parent=1975"}],"curies":[{"name":"wp","href":"https:\/\/api.w.org\/{rel}","templated":true}]}}