{"id":2586,"date":"2024-08-02T07:52:39","date_gmt":"2024-08-02T07:52:39","guid":{"rendered":"https:\/\/www.molinsderei.site\/espaindustria\/?page_id=2586"},"modified":"2025-07-16T13:40:28","modified_gmt":"2025-07-16T13:40:28","slug":"innovation-day-solucions-de-talent","status":"publish","type":"page","link":"https:\/\/www.molinsderei.site\/espaindustria\/innovation-day-solucions-de-talent\/","title":{"rendered":"Innovation Day: solucions de talent"},"content":{"rendered":"\n\n\t<h1>Innovation Day: solucions de talent<\/h1>\n<h2>Connectem empreses amb talent tecnol\u00f2gic<\/h2>\n<h2>Molins de Rei 2024<\/h2>\n\t\t\t<a href=\"\/espaindustria\/innovation-day-solucions-de-talent\/material-grafic-audiovisual\/\" target=\"_blank\" role=\"button\" rel=\"noopener\">\n\t\t\t\t\t\tMaterials de la jornada\n\t\t\t\t\t<\/a>\n\t\t\t\t<img decoding=\"async\" src=\"http:\/\/www.molinsderei.site\/espaindustria\/wp-content\/uploads\/2024\/08\/Innovation-Day-solucions-de-talent.png\" alt=\"Innovation Day solucions de talent\" itemprop=\"image\" title=\"Innovation Day solucions de talent\" onerror=\"this.style.display='none'\"  \/>\n\t\t\t\t<img decoding=\"async\" src=\"http:\/\/www.molinsderei.site\/espaindustria\/wp-content\/uploads\/2024\/08\/Logo-innovationday-color.jpg\" alt=\"Logo innovationday (color)\" itemprop=\"image\" title=\"Logo innovationday (color)\" onerror=\"this.style.display='none'\"  \/>\n\t<p>Iniciativa d&#8217;Innovaci\u00f3 impulsada per l&#8217;Ajuntament de Molins de Rei i la Universitat Aut\u00f2noma de Barcelona (UAB), amb el suport de la Diputaci\u00f3 de Barcelona, la Universitat Polit\u00e8cnica de Catalunya, el Citilab i els ajuntaments de Cervell\u00f3, Corbera de Llobregat, El Papiol, La Palma de Cervell\u00f3, Pallej\u00e0, Sant Vicen\u00e7 dels Horts i Vallirana, que pret\u00e9n posar la tecnologia al servei de la comunitat universit\u00e0ria per donar resposta, gr\u00e0cies a la innovaci\u00f3 oberta i la col\u00b7laboraci\u00f3, als nous contextos, necessitats i reptes de les empreses.<\/p>\n\t\n<h3>Quan es fa?<\/h3>\n<p><strong>Dimarts 1 d&#8217;octubre de 2024<\/strong> &#8211; Taller d&#8217;ideaci\u00f3 a c\u00e0rrec del Parc de Recerca de la UAB.<\/p>\n<p><strong>Divendres 13 de desembre de 2024<\/strong> &#8211; Innovation Day<\/p>\n\t\n<h3>On es fa?<\/h3>\nFoment Cultural i Art\u00edstic<br \/>\nPg. del Terrapl\u00e8, 49<br \/>\nMolins de Rei\n\t\n<h3>Adre\u00e7at a&#8230;<\/h3>\n<p>Estudiants de cicle formatiu, grau universitari, m\u00e0ster universitari, alumni, investigadors o doctorat.<\/p>\n\t\t\t<a href=\"\/espaindustria\/wp-content\/uploads\/2024\/12\/BASES-INNOVATION-DAY-1.pdf\" target=\"_blank\" role=\"button\" rel=\"noopener\">\n\t\t\t\t\t\tBases del concurs\n\t\t\t\t\t<\/a>\n<h2>\n\t\tFases\n\t<\/h2>\n\t<strong>1 d&#8217;octubre, de 10 a 17 h<\/strong><br \/>\n<strong>Sessi\u00f3 de generaci\u00f3 d&#8217;idees a partir de reptes d&#8217;empreses.<\/strong> Els participants treballaran en equips de 4 a 10 persones per desenvolupar una proposta de soluci\u00f3 al repte que hagin escollit.\n<strong>Del 2 d&#8217;octubre al 2 de desembre<\/strong><br \/>\n<strong>Desenvolupament i prototipatge,<\/strong> Els participants tindran aquest per\u00edode per desenvolupar i prototipar els seus projectes segons el repte escollit. Cada equip tindr\u00e0 assignat un mentor que els acompanyar\u00e0 durant el projecte.\n<strong>13 de desembre de 2024<\/strong><br \/>\n<strong>Pitch Day \/ Innovation Day.<\/strong> El programa es tancar\u00e0 amb un esdeveniment final, en qu\u00e8 els projectes es presentaran en directe, per a la posterior avaluaci\u00f3 de jurat. Es comunicar\u00e0 al projecte guanyador i es donaran els premis.\n<h2>\n\t\tComposici\u00f3 del jurat\n\t<\/h2>\n\t<p>El jurat estar\u00e0 compost per cinc persones amb <strong>expertesa en diferents \u00e0mbits<\/strong>:<\/p>\n\t<p>&#8211; <strong>Luz L\u00f3pez Sim\u00f3n<\/strong>, t\u00e8cnica docent del Centre de Recursos Pedag\u00f2gics-FP de la unitat de FP dels Serveis Territorials del Baix Llobregat<\/p>\n<p>&#8211; <strong>Joan Marc Margalef Boix<\/strong> vicepresident d&#8217;Extensi\u00f3 Jove Cambra Internacional<\/p>\n<p>&#8211; <strong>Eva Navea Carrasco<\/strong>, t\u00e8cnica de la Subsecci\u00f3 de Suport a les Iniciatives Empresarials Locals de la Diputaci\u00f3 de Barcelona<\/p>\n<p>&#8211; <strong>Julia Palma S\u00e1nchez<\/strong>, coordinadora d&#8217;Emprenedoria, Innovaci\u00f3 i Territori del Parc de Recerca de la UAB<\/p>\n<p>&#8211; <strong>Roger Uceda Molera<\/strong>, co-fundador de Ariddtive (Spinoff de CIM UPC i UPC Baix Llobregat) i ex director de l&#8217;\u00c0rea de Transfer\u00e8ncia i Valoritzaci\u00f3 de CIM UPC<\/p>\n<h2>\n\t\tReptes  de les  empreses\n\t<\/h2>\n\t\t\t\t<img fetchpriority=\"high\" decoding=\"async\" src=\"https:\/\/www.molinsderei.site\/espaindustria\/wp-content\/uploads\/2024\/08\/Carpel-min-S.L..jpg\" alt=\"Carpel-min S.L.\" itemprop=\"image\" height=\"346\" width=\"736\" title=\"Carpel-min S.L.\" onerror=\"this.style.display='none'\"  \/>\n\t<h3>Carpel-min S.L.<\/h3>\n<p>Empresa fundada al 1997, dedicada al disseny i fabricaci\u00f3 de maquin\u00e0ria industrial a mida, amb seus a Barcelona, Saragossa, DongGuan i Hermosillo, i 60 treballadors a Catalunya.<\/p>\n\t<h4>Repte<\/h4>\n<p>Disseny d&#8217;un producte incorporant tecnologia plastr\u00f2nica, aprofitant els seus beneficis respecte a productes convencionals amb circuiteria electr\u00f2nica basada en el coure i estany.<\/p>\n<h4>Context<\/h4>\n<p>La plastr\u00f2nica, \u00e9s una tecnologia innovadora que obre la possibilitat de fabricar circuits impresos flexibles sobre pl\u00e0stics termoformables, on posteriorment s&#8217;afegeixen els components electr\u00f2nics, per finalment fer un termoformat i un sobremoldejat. T\u00e9 un gran impacte mediambiental, ja que permet una reducci\u00f3 del 70% dels pl\u00e0stics en el producte final, (perqu\u00e8 no incorpora parts m\u00f2bils i tot queda integrat en una sola pe\u00e7a) ,i d&#8217;altra banda, t\u00e9 un reciclatge m\u00e9s \u00f2ptim. Aix\u00f2 comporta la possibilitat de dissenyar productes des d&#8217;una perspectiva nova, on la estanquitat generada pel proc\u00e9s productiu pot ser un avantatge substancial sobre productes d&#8217;electr\u00f2nica convencional que treballin en contacte amb l\u00edquids o ambients hostils.<\/p>\n<h4>Qu\u00e8 busquem<\/h4>\n<p>Busquem solucions que ajudin a les empreses a migrar a una tecnologia m\u00e9s sostenible per a qualsevol producte que incorpori circuits electr\u00f2nics.<\/p>\n<h4>Exemples de solucions que es busquen:<\/h4>\n<p>Panells de control m\u00e9s amigables per a gent d&#8217;edat avan\u00e7ada o amb discapacitats. Eines manuals que necessitin ser impermeables o estanques. Comandaments per a qualsevol aplicaci\u00f3, ja sigui industrial o personal. Joguines electr\u00f2niques. Dom\u00f2tica.<\/p>\n\t<h4>Solucions<\/h4>\n\t\t\t \t\t\n\t\t\t \t\t\n\t\t\t\t<img decoding=\"async\" src=\"http:\/\/www.molinsderei.site\/espaindustria\/wp-content\/uploads\/2024\/08\/ADEC-GLOBAL-SL.jpg\" alt=\"ADEC GLOBAL SL\" itemprop=\"image\" title=\"ADEC GLOBAL SL\" onerror=\"this.style.display='none'\"  \/>\n\t<h3>ADEC GLOBAL SL<\/h3>\n<p>Empresa dedicada a la demolici\u00f3, gesti\u00f3 i valoritzaci\u00f3 de residus industrials i de la construcci\u00f3, moviment de terres i subministrament d&#8217;\u00e0rids reciclat. Tots els residus que valoritzem tornen al mercat en substituci\u00f3 de productes naturals de forma mes sostenible i fomentant l&#8217;economia circular.<\/p>\n\t<h4>Repte<\/h4>\n<p>Reduir el consum de recursos naturals per productes reciclats d&#8217;alta qualitat mes sostenibles per fomentar la economia circular.<\/p>\n<h4>Context<\/h4>\n<p>Cada vegada es mes important fer una classificaci\u00f3 a origen dels residus que es generen en qualsevol enderroc per despr\u00e9s ser valoritzats i entrar de nou al mercat amb un valor afegit. Encara ens queda molt perqu\u00e8 els consumidors de recursos naturals confi\u00efn plenament en els productes reciclats que son d&#8217;igual o superior qualitat als naturals.<\/p>\n<h4>Qu\u00e8 busquem<\/h4>\n<p>Demostrar que els productes reciclats poden substituir als recursos naturals amb les mateixes garanties de qualitat i en compliment amb els requisits t\u00e8cnics que s&#8217;apliquen als recursos naturals.<\/p>\n<h4>Exemples de solucions que es busquen:<\/h4>\n<p>Substituci\u00f3 dels \u00e0rids de cantera per \u00e0rids reciclats per aplicacions a obra civil reduint la petjada de carboni.<\/p>\n\t<h4>Solucions<\/h4>\n\t\t\t \t\t\n\t\t\t\t<img decoding=\"async\" src=\"http:\/\/www.molinsderei.site\/espaindustria\/wp-content\/uploads\/2024\/08\/grupo-adtel.png\" alt=\"grupo adtel\" itemprop=\"image\" title=\"grupo adtel\" onerror=\"this.style.display='none'\"  \/>\n\t<p>Empresa dedicada a la integraci\u00f3 de solucions en l&#8217;\u00e0mbit de les telecomunicacions i audiovisual.<\/p>\n\t<h4>Repte<\/h4>\n<p>Millorar l&#8217; efici\u00e8ncia energ\u00e8tica en tots els \u00e0mbits de la companyia.<\/p>\n<h4>Context<\/h4>\n<p>El sector \u00e9s el dels serveis, productes i solucions en el sector de telecomunicacions i audiovisual. Es tracta d&#8217; un sector en el que es precisa ser molt competitiu i estar molt al dia en els \u00e0mbits tecnol\u00f2gics i de evoluci\u00f3 dels serveis i de les solucions t\u00e8cniques.<\/p>\n<h4>Qu\u00e8 busquem<\/h4>\n<p>Millorar l&#8217; efici\u00e8ncia energ\u00e8tica en els diferents \u00e0mbits de la companyia, en les oficines, en l&#8217;equipament, en les solucions que proposem i en l&#8217;equipament tant el que comprem com el que desenvolupem<\/p>\n<h4>Exemples de solucions que es busquen:<\/h4>\n<p>Millorar el consum energ\u00e8tics, buscar solucions d&#8217;a\u00efllament en els edificis, evitar consums superflus per equipament connectat sense necessitat i altres actuacions que es puguin desenvolupar.<\/p>\n\t<h4>Solucions<\/h4>\n\t\t\t \t\t\n\t\t\t \t\t\n\t\t\t \t\t\n\t\t\t \t\t\n\t\t\t\t<img decoding=\"async\" src=\"http:\/\/www.molinsderei.site\/espaindustria\/wp-content\/uploads\/2024\/08\/ROHU-Innnovations.png\" alt=\"ROHU Innnovations\" itemprop=\"image\" title=\"ROHU Innnovations\" onerror=\"this.style.display='none'\"  \/>\n\t<h3>ROHU Innnovations<\/h3>\n<p>S&#8217;especialitza en fusionar els Drons com a eina principal amb la ci\u00e8ncia de dades, IA, visi\u00f3 per ordinador i el machine learning per donar solucions integrals als seus clients als sectors Industrials i Agr\u00edcoles.<\/p>\n\t<h4>Repte<\/h4>\n<p>Desenvolupar una plataforma de programari que permeti la visualitzaci\u00f3 detallada i anal\u00edtica dels informes agr\u00edcoles generats per les solucions de drones en agricultura de precisi\u00f3.<\/p>\n<h4>Context<\/h4>\n<p>L&#8217;agricultura de precisi\u00f3 est\u00e0 en auge gr\u00e0cies a les tecnologies emergents com els drones i la intel\u00b7lig\u00e8ncia artificial. Els agricultors i gestors de camps necessiten eines eficaces per analitzar grans volums de dades de camp per millorar la producci\u00f3, reduir costos i optimitzar l \u00fas de recursos.<\/p>\n<h4>Qu\u00e8 busquem<\/h4>\n<p>Una plataforma intu\u00eftiva que integri i visualitzi dades recollides per drones i processats per algorismes de IA, facilitant la presa de decisions basada en dades per als agricultors.<\/p>\n<h4>Exemples de solucions que es busquen:<\/h4>\n<p>Panells de control interactius que mostrin dades convertides en gr\u00e0fics. Visualitzaci\u00f3 d an\u00e0lisi predictiva basades en IA i Integraci\u00f3 amb altres sistemes de gesti\u00f3 agr\u00edcola.<\/p>\n\t<h4>Solucions<\/h4>\n\t\t\t \t\t\n\t\t\t \t\t\n\t\t\t\t<img decoding=\"async\" src=\"http:\/\/www.molinsderei.site\/espaindustria\/wp-content\/uploads\/2024\/08\/MENSHEN-IBER-S.L.U.png\" alt=\"MENSHEN IBER S.L.U\" itemprop=\"image\" title=\"MENSHEN IBER S.L.U\" onerror=\"this.style.display='none'\"  \/>\n\t<h3>MENSHEN IBER S.L.U<\/h3>\n<p>Empresa industrial dedicada a la fabricaci\u00f3 per injecci\u00f3 de pl\u00e0stic de productes de packaging com Taps, aplicadors, dosificadors, c\u00e0psules de caf\u00e8 compatibles Dolcegusto i Nespresso. Compta amb un parc de maquinaria de 70 m\u00e0quines d&#8217;injectar, diferents l\u00ednies productives automatitzades amb robots i una plantilla de 135 treballadors que realitzen les diferents tasques a unes instal\u00b7lacions d\u00bbuns 7.000 m2.<\/p>\n\t<h4>Repte<\/h4>\n<p>Valoraci\u00f3 de l&#8217;aplicaci\u00f3 d\u00bbI.A. Intel.lig\u00e8ncia artificial per a la mecanitzaci\u00f3 de processos i avaluaci\u00f3 de riscos a nivell de ciberseguretat. Donar uns pros \/contres i alternatives a la seva implantaci\u00f3.<\/p>\n<h4>Context<\/h4>\n<p>El sector del pl\u00e0stic a Espanya aborda una s\u00e8rie de desafiaments estrat\u00e8gics. Aquests inclouen l&#8217;adopci\u00f3 de tecnologies de la ind\u00fastria 4.0 per a l&#8217;automatitzaci\u00f3 en maquin\u00e0ria i processos de transformaci\u00f3 de pl\u00e0stics. La sostenibilitat i la minimitzaci\u00f3 dels impactes ambientals estan impulsant canvis en el disseny de productes i la circularitat. A m\u00e9s, els marcs reguladors han influ\u00eft en el mercat i han donat lloc a l&#8217;aparici\u00f3 de pl\u00e0stics reciclats, biopl\u00e0stics, pl\u00e0stics biodegradables i materials compostables.<\/p>\n<h4>Qu\u00e8 busquem<\/h4>\n<p>Automatitzar amb ajuda de la IA, processos de c\u00e0lcul que es fan manualment amb ajuda de l&#8217;Excel.<\/p>\n<h4>Exemples de solucions que es busquen:<\/h4>\n<p>Automatitzar el c\u00e0lcul de preus de venda de cada client indexats a l&#8217;ICIS del pl\u00e0stic.<\/p>\n\t<h4>Solucions<\/h4>\n\t\t\t \t\t\n\t\t\t \t\t\n\t\t\t\t<img decoding=\"async\" src=\"http:\/\/www.molinsderei.site\/espaindustria\/wp-content\/uploads\/2024\/08\/MENSHEN-IBER-S.L.U.png\" alt=\"MENSHEN IBER S.L.U\" itemprop=\"image\" title=\"MENSHEN IBER S.L.U\" onerror=\"this.style.display='none'\"  \/>\n\t<h3>MENSHEN IBER S.L.U<\/h3>\n<p>Empresa industrial dedicada a la fabricaci\u00f3 per injecci\u00f3 de pl\u00e0stic de productes de packaging com Taps, aplicadors, dosificadors, c\u00e0psules de caf\u00e8 compatibles Dolcegusto i Nespresso. Compta amb un parc de maquinaria de 70 m\u00e0quines d&#8217;injectar, diferents l\u00ednies productives automatitzades amb robots i una plantilla de 135 treballadors que realitzen les diferents tasques a unes instal\u00b7lacions d\u00bbuns 7.000 m2.<\/p>\n\t<h4>Repte<\/h4>\n<p>Implantaci\u00f3 de sistema de captura de dades amb processament d&#8217;I.A. Intel.lig\u00e8ncia artificial Filtratge d&#8217;informaci\u00f3 via BIG DATA, selecci\u00f3 de tota la informaci\u00f3 emmagatzemada de la informaci\u00f3 \u00fatil.<\/p>\n<h4>Context<\/h4>\n<p>El sector del pl\u00e0stic a Espanya aborda una s\u00e8rie de desafiaments estrat\u00e8gics. Aquests inclouen l&#8217;adopci\u00f3 de tecnologies de la ind\u00fastria 4.0 per a l&#8217;automatitzaci\u00f3 en maquin\u00e0ria i processos de transformaci\u00f3 de pl\u00e0stics. La sostenibilitat i la minimitzaci\u00f3 dels impactes ambientals estan impulsant canvis en el disseny de productes i la circularitat. A m\u00e9s, els marcs reguladors han influ\u00eft en el mercat i han donat lloc a l&#8217;aparici\u00f3 de pl\u00e0stics reciclats, biopl\u00e0stics, pl\u00e0stics biodegradables i materials compostables.<\/p>\n<h4>Qu\u00e8 busquem<\/h4>\n<p>Extracci\u00f3 de dades rellevants &#8211; Triatge d&#8217;informaci\u00f3 i exposici\u00f3 gr\u00e0fica de la mateixa tipus Power B.I. &#8211; Incorporaci\u00f3 de control incorporant models predictius.<\/p>\n<h4>Exemples de solucions que es busquen:<\/h4>\n<p>Con\u00e8ixer les necessitats de canviar determinats components de m\u00e0quines a partir de les dades de funcionament hist\u00f2riques.<\/p>\n\t<h4>Solucions<\/h4>\n\t\t\t \t\t\n\t\t\t\t<img decoding=\"async\" src=\"http:\/\/www.molinsderei.site\/espaindustria\/wp-content\/uploads\/2024\/08\/QKSOL-ENERGY-SOLUTIONS.jpg\" alt=\"QKSOL - ENERGY SOLUTIONS\" itemprop=\"image\" title=\"QKSOL - ENERGY SOLUTIONS\" onerror=\"this.style.display='none'\"  \/>\n\t<h3>QKSOL &#8211; ENERGY SOLUTIONS<\/h3>\n<p>\u00c9s una empresa que es dedica a la intermediaci\u00f3 de comer\u00e7 de productes d&#8217;energia solar, gesti\u00f3 energ\u00e8tica i punts de rec\u00e0rrega de vehicles el\u00e8ctrics.<\/p>\n\t<h4>Repte<\/h4>\n<p>Buscar la interactuaci\u00f3 entre empreses amb necessitats comunes Km.0. Actualment estem venen els nostres productes a tota Espanya, i molts cops ens trobem, incl\u00fas en el propi municipi, d&#8217;empreses que ens diuen: \u00abNo us coneixia, i jo prefereixo alg\u00fa de proximitat a comprar-ho a altres empreses del pa\u00eds\u00bb.<\/p>\n<h4>Context<\/h4>\n<p>QKSOL \u00e9s una empresa creada l&#8217;any 2008 amb base al Baix Llobregat que es dedica a la venda de productes B2B en l&#8217;\u00e0mbit estatal. Actualment el sector es molt fluctuable degut a factors externs com, son ajudes europees, cost de l&#8217;energia, tipus d&#8217;inter\u00e8s, etc.<\/p>\n<h4>Qu\u00e8 busquem<\/h4>\n<p>La manera \/ plataforma \/ eina per poder informar de l&#8217;empresa que som, a qu\u00e8 ens dediquem i quins productes oferim a empreses locals. Ha de ser com una base de dades p\u00fablica on les empreses puguin informar del que ofereixen o del que necessiten<\/p>\n<h4>Exemples de solucions que es busquen:<\/h4>\n<p>Empresa ENF https:\/\/es.enfsolar.com\/). Per\u00f2 a nivell local.<\/p>\n\t<h4>Solucions<\/h4>\n\t\t\t \t\t\n\t\t\t \t\t\n\t\t\t\t<img decoding=\"async\" src=\"http:\/\/www.molinsderei.site\/espaindustria\/wp-content\/uploads\/2024\/08\/logo.png\" alt=\"logo\" itemprop=\"image\" title=\"logo\" onerror=\"this.style.display='none'\"  \/>\n\t<h4>Repte<\/h4>\n<p>An\u00e0lisi i definici\u00f3 de l&#8217;estructura organitzativa de l&#8217; empresa basada en gesti\u00f3 de processos per assolir el creixement sostenible de l&#8217;empresa. Tamb\u00e9 selecci\u00f3 d&#8217;un model de negoci pilot per extrapolar a les altres divisions de negoci<\/p>\n<h4>Context<\/h4>\n<p>Situaci\u00f3 de creixement de l&#8217;empresa des del 2020 d&#8217;una empresa \u00fanica a un grup tipus holding amb diferents l\u00ednies de treball que genera un creixement exponencial al dividir i separar totes les l\u00ednies de negoci creixent, per\u00f2 l&#8217;estructura organitzativa \u00e9s \u00fanica. Els processos de gesti\u00f3 s\u00f3n comuns, per tant modelant una divisi\u00f3 de negoci com a pilot , seria despr\u00e9s extrapolable a altres. Core Business de les instal.lacions: per\u00f2 la feina documental de certificats, gesti\u00f3 de les instal.lacions, ens desborda, cal un perfil que documenti totes les certificacions i documents per poder lliurar instal.lacions.<\/p>\n<h4>Qu\u00e8 busquem<\/h4>\n<p>An\u00e0lisi de l&#8217;organitzaci\u00f3 i principals processos amb detecci\u00f3 de punts de millora i implantaci\u00f3 de millores a curt termini i detecci\u00f3 d&#8217;altres a llarg termini. Identificar una persona\/equip amb capacitat per liderar aquest projecte dins de l&#8217;organitzaci\u00f3. La feina documental de certificats, gesti\u00f3 de les les instal\u00b7lacions ens desborda, cal un perfil que documenti totes les certificacions i documents per poder lliurar install\u00b7lacions.<\/p>\n<h4>Exemples de solucions que es busquen:<\/h4>\n<p>Utilitzaci\u00f3 de la IA, Chat GTP per a la realitzaci\u00f3 d&#8217;informes. Introducci\u00f3 d&#8217;un KANBAN BOARD: mapeig i estandaritzaci\u00f3 de processos.<\/p>\n\t<h4>Solucions<\/h4>\n\t\t\t \t\t\n\t\t\t \t\t\n\t<h2>\n\t\tPremis a les millors solucions\n\t<\/h2>\n\t<p><b>Grau Mitj\u00e0:<\/b> Institut Can Margarit de Corbera de Llobregat (Curs de Sistemes Microinform\u00e0tics i Xarxes). Soluci\u00f3 al repte llan\u00e7at per l&#8217;empresa Carpel Min: Disseny d&#8217;un producte incorporant tecnologia plastr\u00f2nica.<\/p>\n<p>Premi 1.500\u20ac<\/p>\n\t<p><b>Grau Superior i curs d&#8217;Especialitzaci\u00f3<\/b>: Institut Gabriela Mistral (Curs de grau superior de Desenvolupament d&#8217;Aplicacions Web). Soluci\u00f3 al repte llan\u00e7at per l&#8217;empresa ADTEL: Millora de l&#8217;efici\u00e8ncia energ\u00e8tica en tots els \u00e0mbits de la companyia.<\/p>\n<p>Premi 2.500\u20ac<\/p>\n\t<p><b>Universitaris: <\/b>UAB Equip integrat per Jan Moran Ricardo,\u00a0 Gerard Garcia Gros i Mario Lacueva Conesa.\u00a0 (Projecte ConnectTech). Soluci\u00f3 al repte llan\u00e7at per l&#8217;empresa Menshen Iber: Implantaci\u00f3 de sistema de captura de dades amb processament d&#8217;I.A. Intel\u2022lig\u00e8ncia artificial Filtratge d&#8217;informaci\u00f3 via BIG DATA, selecci\u00f3 de tota la informaci\u00f3 emmagatzemada de la informaci\u00f3 \u00fatil.<\/p>\n<p>Premi 3.000\u20ac<\/p>\n<h2>\n\t\tOrganitzaci\u00f3 i col\u00b7laboradors\n\t<\/h2>\n<h3>\n\t\tOrganitza\n\t<\/h3>\n\t\t\t\t<img decoding=\"async\" src=\"http:\/\/www.molinsderei.site\/espaindustria\/wp-content\/uploads\/2024\/08\/image017.png\" alt=\"image017\" itemprop=\"image\" title=\"image017\" onerror=\"this.style.display='none'\"  \/>\n\t\t\t\t<img decoding=\"async\" src=\"http:\/\/www.molinsderei.site\/espaindustria\/wp-content\/uploads\/2024\/08\/image018.png\" alt=\"image018\" itemprop=\"image\" title=\"image018\" onerror=\"this.style.display='none'\"  \/>\n\t\t\t\t<img decoding=\"async\" src=\"http:\/\/www.molinsderei.site\/espaindustria\/wp-content\/uploads\/2024\/08\/image019.png\" alt=\"image019\" itemprop=\"image\" title=\"image019\" onerror=\"this.style.display='none'\"  \/>\n<h3>\n\t\tCol\u00b7labora\n\t<\/h3>\n\t\t\t\t<img decoding=\"async\" src=\"http:\/\/www.molinsderei.site\/espaindustria\/wp-content\/uploads\/2024\/08\/image015.png\" alt=\"image015\" itemprop=\"image\" title=\"image015\" onerror=\"this.style.display='none'\"  \/>\n<h3>\n\t\tAmb el suport de\n\t<\/h3>\n\t\t\t\t<img decoding=\"async\" src=\"http:\/\/www.molinsderei.site\/espaindustria\/wp-content\/uploads\/2024\/08\/image021.png\" alt=\"image021\" itemprop=\"image\" title=\"image021\" onerror=\"this.style.display='none'\"  \/>\n\t\t\t\t<img decoding=\"async\" src=\"https:\/\/www.molinsderei.site\/espaindustria\/wp-content\/uploads\/2018\/06\/Logotip-color-esquerra-negatiu-alta-300x99.png\" alt=\"Logotip color esquerra negatiu alta\" itemprop=\"image\" height=\"99\" width=\"300\" title=\"Logotip color esquerra negatiu alta\" onerror=\"this.style.display='none'\"  \/>\n\t\t\t\t<img decoding=\"async\" src=\"http:\/\/www.molinsderei.site\/espaindustria\/wp-content\/uploads\/2024\/08\/diputacio.png\" alt=\"diputacio\" itemprop=\"image\" title=\"diputacio\" onerror=\"this.style.display='none'\"  \/>\n\t<h4>\n<a href=\"http:\/\/www.espaiempresa.cat\">www.espaiempresa.cat<\/a><\/h4>\n\t<h3>Contactar<\/h3>\nAjuntament de Molins de Rei<br \/>\n\u00c0rea de Desenvolupament Estrat\u00e8gic de la Vila<br \/>\n<strong>Oficina d&#8217;Atenci\u00f3 a l&#8217;Empresa<\/strong><br \/>\nPl. del Mercat, 5-6<br \/>\n08750 Molins de Rei\nT. 93 680 02 97<br \/>\nempresa@molinsderei.cat\n\n","protected":false},"excerpt":{"rendered":"<p>Innovation Day: solucions de talent Connectem empreses amb talent tecnol\u00f2gic Molins de Rei 2024 Materials de la jornada Iniciativa d&#8217;Innovaci\u00f3 impulsada per l&#8217;Ajuntament de Molins de Rei i la Universitat&hellip;<\/p>\n","protected":false},"author":2,"featured_media":0,"parent":0,"menu_order":0,"comment_status":"closed","ping_status":"closed","template":"","meta":{"footnotes":""},"class_list":["post-2586","page","type-page","status-publish","hentry"],"_links":{"self":[{"href":"https:\/\/www.molinsderei.site\/espaindustria\/wp-json\/wp\/v2\/pages\/2586","targetHints":{"allow":["GET"]}}],"collection":[{"href":"https:\/\/www.molinsderei.site\/espaindustria\/wp-json\/wp\/v2\/pages"}],"about":[{"href":"https:\/\/www.molinsderei.site\/espaindustria\/wp-json\/wp\/v2\/types\/page"}],"author":[{"embeddable":true,"href":"https:\/\/www.molinsderei.site\/espaindustria\/wp-json\/wp\/v2\/users\/2"}],"replies":[{"embeddable":true,"href":"https:\/\/www.molinsderei.site\/espaindustria\/wp-json\/wp\/v2\/comments?post=2586"}],"version-history":[{"count":2,"href":"https:\/\/www.molinsderei.site\/espaindustria\/wp-json\/wp\/v2\/pages\/2586\/revisions"}],"predecessor-version":[{"id":2807,"href":"https:\/\/www.molinsderei.site\/espaindustria\/wp-json\/wp\/v2\/pages\/2586\/revisions\/2807"}],"wp:attachment":[{"href":"https:\/\/www.molinsderei.site\/espaindustria\/wp-json\/wp\/v2\/media?parent=2586"}],"curies":[{"name":"wp","href":"https:\/\/api.w.org\/{rel}","templated":true}]}}